{"id":1366,"date":"2022-09-27T15:48:44","date_gmt":"2022-09-27T15:48:44","guid":{"rendered":"http:\/\/riogallegos.gob.ar\/mrg\/?page_id=1366"},"modified":"2024-01-04T13:34:51","modified_gmt":"2024-01-04T13:34:51","slug":"flora","status":"publish","type":"page","link":"https:\/\/riogallegos.gob.ar\/mrg\/flora\/","title":{"rendered":"flora"},"content":{"rendered":"\t\t<div data-elementor-type=\"wp-page\" data-elementor-id=\"1366\" class=\"elementor elementor-1366\" data-elementor-settings=\"[]\">\n\t\t\t\t\t\t<div class=\"elementor-inner\">\n\t\t\t\t\t\t\t<div class=\"elementor-section-wrap\">\n\t\t\t\t\t\t\t<section class=\"elementor-section elementor-top-section elementor-element elementor-element-fe84987 elementor-hidden-desktop elementor-section-boxed elementor-section-height-default elementor-section-height-default\" data-id=\"fe84987\" data-element_type=\"section\" data-settings=\"{&quot;background_background&quot;:&quot;classic&quot;}\">\n\t\t\t\t\t\t<div class=\"elementor-container elementor-column-gap-default\">\n\t\t\t\t\t\t\t<div class=\"elementor-row\">\n\t\t\t\t\t<div class=\"elementor-column elementor-col-50 elementor-top-column elementor-element elementor-element-5fdfae9\" data-id=\"5fdfae9\" data-element_type=\"column\">\n\t\t\t<div class=\"elementor-column-wrap elementor-element-populated\">\n\t\t\t\t\t\t\t<div class=\"elementor-widget-wrap\">\n\t\t\t\t\t\t<div class=\"elementor-element elementor-element-1300eb6 elementor-nav-menu--indicator-chevron elementor-nav-menu__align-left elementor-nav-menu--stretch elementor-nav-menu__text-align-center elementor-nav-menu--dropdown-tablet elementor-nav-menu--toggle elementor-nav-menu--burger elementor-widget elementor-widget-nav-menu\" data-id=\"1300eb6\" data-element_type=\"widget\" data-settings=\"{&quot;layout&quot;:&quot;vertical&quot;,&quot;full_width&quot;:&quot;stretch&quot;,&quot;toggle&quot;:&quot;burger&quot;}\" data-widget_type=\"nav-menu.default\">\n\t\t\t\t<div class=\"elementor-widget-container\">\n\t\t\t\t\t\t<nav role=\"navigation\" class=\"elementor-nav-menu--main elementor-nav-menu__container elementor-nav-menu--layout-vertical e--pointer-text e--animation-grow\"><ul id=\"menu-1-1300eb6\" class=\"elementor-nav-menu sm-vertical\"><li class=\"menu-item menu-item-type-post_type menu-item-object-page menu-item-1423\"><a href=\"https:\/\/riogallegos.gob.ar\/mrg\/agencia-ambiental\/\" class=\"menu-link elementor-item\">Inicio<\/a><\/li>\n<li class=\"menu-item menu-item-type-post_type menu-item-object-page menu-item-1651\"><a href=\"https:\/\/riogallegos.gob.ar\/mrg\/separacion-de-residuos\/\" class=\"menu-link elementor-item\">Separaci\u00f3n de residuos<\/a><\/li>\n<li class=\"menu-item menu-item-type-post_type menu-item-object-page menu-item-1522\"><a href=\"https:\/\/riogallegos.gob.ar\/mrg\/flora\/\" class=\"menu-link elementor-item\">Flora<\/a><\/li>\n<li class=\"menu-item menu-item-type-post_type menu-item-object-page menu-item-1523\"><a href=\"https:\/\/riogallegos.gob.ar\/mrg\/institucion\/\" class=\"menu-link elementor-item\">Instituci\u00f3n<\/a><\/li>\n<li class=\"menu-item menu-item-type-post_type menu-item-object-page menu-item-1525\"><a href=\"https:\/\/riogallegos.gob.ar\/mrg\/fauna\/\" class=\"menu-link elementor-item\">Fauna<\/a><\/li>\n<li class=\"menu-item menu-item-type-post_type menu-item-object-page menu-item-1526\"><a href=\"https:\/\/riogallegos.gob.ar\/mrg\/reservas\/\" class=\"menu-link elementor-item\">Reservas Urbanas<\/a><\/li>\n<\/ul><\/nav>\n\t\t\t\t\t<div class=\"elementor-menu-toggle\" role=\"button\" tabindex=\"0\" aria-label=\"Menu Toggle\" aria-expanded=\"false\">\n\t\t\t<i class=\"eicon-menu-bar\" aria-hidden=\"true\"><\/i>\n\t\t\t<span class=\"elementor-screen-only\">Menu<\/span>\n\t\t<\/div>\n\t\t\t<nav class=\"elementor-nav-menu--dropdown elementor-nav-menu__container\" role=\"navigation\" aria-hidden=\"true\"><ul id=\"menu-2-1300eb6\" class=\"elementor-nav-menu sm-vertical\"><li class=\"menu-item menu-item-type-post_type menu-item-object-page menu-item-1423\"><a href=\"https:\/\/riogallegos.gob.ar\/mrg\/agencia-ambiental\/\" class=\"menu-link elementor-item\">Inicio<\/a><\/li>\n<li class=\"menu-item menu-item-type-post_type menu-item-object-page menu-item-1651\"><a href=\"https:\/\/riogallegos.gob.ar\/mrg\/separacion-de-residuos\/\" class=\"menu-link elementor-item\">Separaci\u00f3n de residuos<\/a><\/li>\n<li class=\"menu-item menu-item-type-post_type menu-item-object-page menu-item-1522\"><a href=\"https:\/\/riogallegos.gob.ar\/mrg\/flora\/\" class=\"menu-link elementor-item\">Flora<\/a><\/li>\n<li class=\"menu-item menu-item-type-post_type menu-item-object-page menu-item-1523\"><a href=\"https:\/\/riogallegos.gob.ar\/mrg\/institucion\/\" class=\"menu-link elementor-item\">Instituci\u00f3n<\/a><\/li>\n<li class=\"menu-item menu-item-type-post_type menu-item-object-page menu-item-1525\"><a href=\"https:\/\/riogallegos.gob.ar\/mrg\/fauna\/\" class=\"menu-link elementor-item\">Fauna<\/a><\/li>\n<li class=\"menu-item menu-item-type-post_type menu-item-object-page menu-item-1526\"><a href=\"https:\/\/riogallegos.gob.ar\/mrg\/reservas\/\" class=\"menu-link elementor-item\">Reservas Urbanas<\/a><\/li>\n<\/ul><\/nav>\n\t\t\t\t<\/div>\n\t\t\t\t<\/div>\n\t\t\t\t\t\t<\/div>\n\t\t\t\t\t<\/div>\n\t\t<\/div>\n\t\t\t\t<div class=\"elementor-column elementor-col-50 elementor-top-column elementor-element elementor-element-263876d\" data-id=\"263876d\" data-element_type=\"column\">\n\t\t\t<div class=\"elementor-column-wrap elementor-element-populated\">\n\t\t\t\t\t\t\t<div class=\"elementor-widget-wrap\">\n\t\t\t\t\t\t<div class=\"elementor-element elementor-element-64dd18a elementor-search-form--skin-full_screen elementor-widget elementor-widget-search-form\" data-id=\"64dd18a\" data-element_type=\"widget\" data-settings=\"{&quot;skin&quot;:&quot;full_screen&quot;}\" data-widget_type=\"search-form.default\">\n\t\t\t\t<div class=\"elementor-widget-container\">\n\t\t\t\t\t<form class=\"elementor-search-form\" role=\"search\" action=\"https:\/\/riogallegos.gob.ar\/mrg\" method=\"get\">\n\t\t\t\t\t\t\t\t\t<div class=\"elementor-search-form__toggle\">\n\t\t\t\t<i aria-hidden=\"true\" class=\"fas fa-search\"><\/i>\t\t\t\t<span class=\"elementor-screen-only\">Search<\/span>\n\t\t\t<\/div>\n\t\t\t\t\t\t<div class=\"elementor-search-form__container\">\n\t\t\t\t\t\t\t\t<input placeholder=\"Buscar tr\u00e1mites, servicios, noticias...\" class=\"elementor-search-form__input\" type=\"search\" name=\"s\" title=\"Search\" value=\"\">\n\t\t\t\t\t\t\t\t\t\t\t\t\t\t\t\t<div class=\"dialog-lightbox-close-button dialog-close-button\">\n\t\t\t\t\t<i class=\"eicon-close\" aria-hidden=\"true\"><\/i>\n\t\t\t\t\t<span class=\"elementor-screen-only\">Close<\/span>\n\t\t\t\t<\/div>\n\t\t\t\t\t\t\t<\/div>\n\t\t<\/form>\n\t\t\t\t<\/div>\n\t\t\t\t<\/div>\n\t\t\t\t\t\t<\/div>\n\t\t\t\t\t<\/div>\n\t\t<\/div>\n\t\t\t\t\t\t\t\t<\/div>\n\t\t\t\t\t<\/div>\n\t\t<\/section>\n\t\t\t\t<section class=\"elementor-section elementor-top-section elementor-element elementor-element-697862e elementor-section-full_width elementor-hidden-phone elementor-section-height-default elementor-section-height-default\" data-id=\"697862e\" data-element_type=\"section\" data-settings=\"{&quot;background_background&quot;:&quot;classic&quot;}\">\n\t\t\t\t\t\t\t<div class=\"elementor-background-overlay\"><\/div>\n\t\t\t\t\t\t\t<div class=\"elementor-container elementor-column-gap-default\">\n\t\t\t\t\t\t\t<div class=\"elementor-row\">\n\t\t\t\t\t<div class=\"elementor-column elementor-col-20 elementor-top-column elementor-element elementor-element-3064598\" data-id=\"3064598\" data-element_type=\"column\">\n\t\t\t<div class=\"elementor-column-wrap elementor-element-populated\">\n\t\t\t\t\t\t\t<div class=\"elementor-widget-wrap\">\n\t\t\t\t\t\t<div class=\"elementor-element elementor-element-99e6e38 elementor-nav-menu--indicator-chevron elementor-nav-menu--stretch elementor-nav-menu__text-align-aside elementor-nav-menu--toggle elementor-nav-menu--burger elementor-widget elementor-widget-nav-menu\" data-id=\"99e6e38\" data-element_type=\"widget\" data-settings=\"{&quot;layout&quot;:&quot;dropdown&quot;,&quot;full_width&quot;:&quot;stretch&quot;,&quot;toggle&quot;:&quot;burger&quot;}\" data-widget_type=\"nav-menu.default\">\n\t\t\t\t<div class=\"elementor-widget-container\">\n\t\t\t\t\t<div class=\"elementor-menu-toggle\" role=\"button\" tabindex=\"0\" aria-label=\"Menu Toggle\" aria-expanded=\"false\">\n\t\t\t<i class=\"eicon-menu-bar\" aria-hidden=\"true\"><\/i>\n\t\t\t<span class=\"elementor-screen-only\">Menu<\/span>\n\t\t<\/div>\n\t\t\t<nav class=\"elementor-nav-menu--dropdown elementor-nav-menu__container\" role=\"navigation\" aria-hidden=\"true\"><ul id=\"menu-2-99e6e38\" class=\"elementor-nav-menu\"><li class=\"menu-item menu-item-type-post_type menu-item-object-page menu-item-1423\"><a href=\"https:\/\/riogallegos.gob.ar\/mrg\/agencia-ambiental\/\" class=\"menu-link elementor-item\">Inicio<\/a><\/li>\n<li class=\"menu-item menu-item-type-post_type menu-item-object-page menu-item-1651\"><a href=\"https:\/\/riogallegos.gob.ar\/mrg\/separacion-de-residuos\/\" class=\"menu-link elementor-item\">Separaci\u00f3n de residuos<\/a><\/li>\n<li class=\"menu-item menu-item-type-post_type menu-item-object-page menu-item-1522\"><a href=\"https:\/\/riogallegos.gob.ar\/mrg\/flora\/\" class=\"menu-link elementor-item\">Flora<\/a><\/li>\n<li class=\"menu-item menu-item-type-post_type menu-item-object-page menu-item-1523\"><a href=\"https:\/\/riogallegos.gob.ar\/mrg\/institucion\/\" class=\"menu-link elementor-item\">Instituci\u00f3n<\/a><\/li>\n<li class=\"menu-item menu-item-type-post_type menu-item-object-page menu-item-1525\"><a href=\"https:\/\/riogallegos.gob.ar\/mrg\/fauna\/\" class=\"menu-link elementor-item\">Fauna<\/a><\/li>\n<li class=\"menu-item menu-item-type-post_type menu-item-object-page menu-item-1526\"><a href=\"https:\/\/riogallegos.gob.ar\/mrg\/reservas\/\" class=\"menu-link elementor-item\">Reservas Urbanas<\/a><\/li>\n<\/ul><\/nav>\n\t\t\t\t<\/div>\n\t\t\t\t<\/div>\n\t\t\t\t\t\t<\/div>\n\t\t\t\t\t<\/div>\n\t\t<\/div>\n\t\t\t\t<div class=\"elementor-column elementor-col-20 elementor-top-column elementor-element elementor-element-23d9371\" data-id=\"23d9371\" data-element_type=\"column\">\n\t\t\t<div class=\"elementor-column-wrap elementor-element-populated\">\n\t\t\t\t\t\t\t<div class=\"elementor-widget-wrap\">\n\t\t\t\t\t\t<div class=\"elementor-element elementor-element-8878a26 elementor-hidden-phone elementor-widget elementor-widget-heading\" data-id=\"8878a26\" data-element_type=\"widget\" data-widget_type=\"heading.default\">\n\t\t\t\t<div class=\"elementor-widget-container\">\n\t\t\t<h2 class=\"elementor-heading-title elementor-size-default\">MUNICIPALIDAD DE R\u00cdO GALLEGOS<\/h2>\t\t<\/div>\n\t\t\t\t<\/div>\n\t\t\t\t\t\t<\/div>\n\t\t\t\t\t<\/div>\n\t\t<\/div>\n\t\t\t\t<div class=\"elementor-column elementor-col-20 elementor-top-column elementor-element elementor-element-9f89466\" data-id=\"9f89466\" data-element_type=\"column\">\n\t\t\t<div class=\"elementor-column-wrap\">\n\t\t\t\t\t\t\t<div class=\"elementor-widget-wrap\">\n\t\t\t\t\t\t\t\t<\/div>\n\t\t\t\t\t<\/div>\n\t\t<\/div>\n\t\t\t\t<div class=\"elementor-column elementor-col-20 elementor-top-column elementor-element elementor-element-67f9dee\" data-id=\"67f9dee\" data-element_type=\"column\">\n\t\t\t<div class=\"elementor-column-wrap elementor-element-populated\">\n\t\t\t\t\t\t\t<div class=\"elementor-widget-wrap\">\n\t\t\t\t\t\t<div class=\"elementor-element elementor-element-9798c2d elementor-shape-circle elementor-grid-6 elementor-widget elementor-widget-social-icons\" data-id=\"9798c2d\" data-element_type=\"widget\" data-widget_type=\"social-icons.default\">\n\t\t\t\t<div class=\"elementor-widget-container\">\n\t\t\t\t\t<div class=\"elementor-social-icons-wrapper elementor-grid\">\n\t\t\t\t\t\t\t<div class=\"elementor-grid-item\">\n\t\t\t\t\t<a class=\"elementor-icon elementor-social-icon elementor-social-icon-twitter elementor-repeater-item-05315aa\" href=\"https:\/\/twitter.com\/MunicipioRGL\" target=\"_blank\">\n\t\t\t\t\t\t<span class=\"elementor-screen-only\">Twitter<\/span>\n\t\t\t\t\t\t<i class=\"fab fa-twitter\"><\/i>\t\t\t\t\t<\/a>\n\t\t\t\t<\/div>\n\t\t\t\t\t\t\t<div class=\"elementor-grid-item\">\n\t\t\t\t\t<a class=\"elementor-icon elementor-social-icon elementor-social-icon-facebook elementor-repeater-item-4eff259\" href=\"https:\/\/www.facebook.com\/municipalidadriogallegos\/\" target=\"_blank\">\n\t\t\t\t\t\t<span class=\"elementor-screen-only\">Facebook<\/span>\n\t\t\t\t\t\t<i class=\"fab fa-facebook\"><\/i>\t\t\t\t\t<\/a>\n\t\t\t\t<\/div>\n\t\t\t\t\t\t\t<div class=\"elementor-grid-item\">\n\t\t\t\t\t<a class=\"elementor-icon elementor-social-icon elementor-social-icon-youtube elementor-repeater-item-dd12e72\" href=\"https:\/\/www.youtube.com\/@municipalidadriogallegos3544\" target=\"_blank\">\n\t\t\t\t\t\t<span class=\"elementor-screen-only\">Youtube<\/span>\n\t\t\t\t\t\t<i class=\"fab fa-youtube\"><\/i>\t\t\t\t\t<\/a>\n\t\t\t\t<\/div>\n\t\t\t\t\t\t\t<div class=\"elementor-grid-item\">\n\t\t\t\t\t<a class=\"elementor-icon elementor-social-icon elementor-social-icon-instagram elementor-repeater-item-6c62677\" href=\"https:\/\/www.instagram.com\/rglmunicipalidad\/\" target=\"_blank\">\n\t\t\t\t\t\t<span class=\"elementor-screen-only\">Instagram<\/span>\n\t\t\t\t\t\t<i class=\"fab fa-instagram\"><\/i>\t\t\t\t\t<\/a>\n\t\t\t\t<\/div>\n\t\t\t\t\t\t\t<div class=\"elementor-grid-item\">\n\t\t\t\t\t<a class=\"elementor-icon elementor-social-icon elementor-social-icon-envelope elementor-repeater-item-ba91bea\" href=\"https:\/\/sd-1874764-l.dattaweb.com:2094\/login.php?idn\" target=\"_blank\">\n\t\t\t\t\t\t<span class=\"elementor-screen-only\">Envelope<\/span>\n\t\t\t\t\t\t<i class=\"fas fa-envelope\"><\/i>\t\t\t\t\t<\/a>\n\t\t\t\t<\/div>\n\t\t\t\t\t<\/div>\n\t\t\t\t<\/div>\n\t\t\t\t<\/div>\n\t\t\t\t\t\t<\/div>\n\t\t\t\t\t<\/div>\n\t\t<\/div>\n\t\t\t\t<div class=\"elementor-column elementor-col-20 elementor-top-column elementor-element elementor-element-38b4e19\" data-id=\"38b4e19\" data-element_type=\"column\">\n\t\t\t<div class=\"elementor-column-wrap elementor-element-populated\">\n\t\t\t\t\t\t\t<div class=\"elementor-widget-wrap\">\n\t\t\t\t\t\t<div class=\"elementor-element elementor-element-f6137eb elementor-search-form--skin-full_screen elementor-hidden-phone elementor-widget elementor-widget-search-form\" data-id=\"f6137eb\" data-element_type=\"widget\" data-settings=\"{&quot;skin&quot;:&quot;full_screen&quot;}\" data-widget_type=\"search-form.default\">\n\t\t\t\t<div class=\"elementor-widget-container\">\n\t\t\t\t\t<form class=\"elementor-search-form\" role=\"search\" action=\"https:\/\/riogallegos.gob.ar\/mrg\" method=\"get\">\n\t\t\t\t\t\t\t\t\t<div class=\"elementor-search-form__toggle\">\n\t\t\t\t<i aria-hidden=\"true\" class=\"fas fa-search\"><\/i>\t\t\t\t<span class=\"elementor-screen-only\">Search<\/span>\n\t\t\t<\/div>\n\t\t\t\t\t\t<div class=\"elementor-search-form__container\">\n\t\t\t\t\t\t\t\t<input placeholder=\"Buscar tr\u00e1mites, servicios, noticias...\" class=\"elementor-search-form__input\" type=\"search\" name=\"s\" title=\"Search\" value=\"\">\n\t\t\t\t\t\t\t\t\t\t\t\t\t\t\t\t<div class=\"dialog-lightbox-close-button dialog-close-button\">\n\t\t\t\t\t<i class=\"eicon-close\" aria-hidden=\"true\"><\/i>\n\t\t\t\t\t<span class=\"elementor-screen-only\">Close<\/span>\n\t\t\t\t<\/div>\n\t\t\t\t\t\t\t<\/div>\n\t\t<\/form>\n\t\t\t\t<\/div>\n\t\t\t\t<\/div>\n\t\t\t\t\t\t<\/div>\n\t\t\t\t\t<\/div>\n\t\t<\/div>\n\t\t\t\t\t\t\t\t<\/div>\n\t\t\t\t\t<\/div>\n\t\t<\/section>\n\t\t\t\t<section class=\"elementor-section elementor-top-section elementor-element elementor-element-528d36f elementor-section-full_width elementor-section-height-min-height elementor-section-height-default elementor-section-items-middle\" data-id=\"528d36f\" data-element_type=\"section\" data-settings=\"{&quot;background_background&quot;:&quot;classic&quot;}\">\n\t\t\t\t\t\t<div class=\"elementor-container elementor-column-gap-default\">\n\t\t\t\t\t\t\t<div class=\"elementor-row\">\n\t\t\t\t\t<div class=\"elementor-column elementor-col-100 elementor-top-column elementor-element elementor-element-9a230f3\" data-id=\"9a230f3\" data-element_type=\"column\">\n\t\t\t<div class=\"elementor-column-wrap elementor-element-populated\">\n\t\t\t\t\t\t\t<div class=\"elementor-widget-wrap\">\n\t\t\t\t\t\t<section class=\"elementor-section elementor-inner-section elementor-element elementor-element-aa70ccc elementor-section-boxed elementor-section-height-default elementor-section-height-default\" data-id=\"aa70ccc\" data-element_type=\"section\">\n\t\t\t\t\t\t<div class=\"elementor-container elementor-column-gap-default\">\n\t\t\t\t\t\t\t<div class=\"elementor-row\">\n\t\t\t\t\t<div class=\"elementor-column elementor-col-33 elementor-inner-column elementor-element elementor-element-3391e40\" data-id=\"3391e40\" data-element_type=\"column\">\n\t\t\t<div class=\"elementor-column-wrap\">\n\t\t\t\t\t\t\t<div class=\"elementor-widget-wrap\">\n\t\t\t\t\t\t\t\t<\/div>\n\t\t\t\t\t<\/div>\n\t\t<\/div>\n\t\t\t\t<div class=\"elementor-column elementor-col-33 elementor-inner-column elementor-element elementor-element-48e279a\" data-id=\"48e279a\" data-element_type=\"column\">\n\t\t\t<div class=\"elementor-column-wrap elementor-element-populated\">\n\t\t\t\t\t\t\t<div class=\"elementor-widget-wrap\">\n\t\t\t\t\t\t<div class=\"elementor-element elementor-element-1cca8ec elementor-hidden-phone elementor-widget elementor-widget-image\" data-id=\"1cca8ec\" data-element_type=\"widget\" data-widget_type=\"image.default\">\n\t\t\t\t<div class=\"elementor-widget-container\">\n\t\t\t\t\t<div class=\"elementor-image\">\n\t\t\t\t\t\t\t\t\t\t\t<a href=\"https:\/\/riogallegos.gob.ar\/rgl\">\n\t\t\t\t\t\t\t<img width=\"150\" height=\"150\" src=\"https:\/\/riogallegos.gob.ar\/mrg\/wp-content\/uploads\/2022\/10\/Sin-titulo-1-150x150.png\" class=\"attachment-thumbnail size-thumbnail\" alt=\"\" loading=\"lazy\" srcset=\"https:\/\/riogallegos.gob.ar\/mrg\/wp-content\/uploads\/2022\/10\/Sin-titulo-1-150x150.png 150w, https:\/\/riogallegos.gob.ar\/mrg\/wp-content\/uploads\/2022\/10\/Sin-titulo-1-300x300.png 300w, https:\/\/riogallegos.gob.ar\/mrg\/wp-content\/uploads\/2022\/10\/Sin-titulo-1.png 558w\" sizes=\"(max-width: 150px) 100vw, 150px\" \/>\t\t\t\t\t\t\t\t<\/a>\n\t\t\t\t\t\t\t\t\t\t\t<\/div>\n\t\t\t\t<\/div>\n\t\t\t\t<\/div>\n\t\t\t\t\t\t<\/div>\n\t\t\t\t\t<\/div>\n\t\t<\/div>\n\t\t\t\t<div class=\"elementor-column elementor-col-33 elementor-inner-column elementor-element elementor-element-6c7c607\" data-id=\"6c7c607\" data-element_type=\"column\">\n\t\t\t<div class=\"elementor-column-wrap\">\n\t\t\t\t\t\t\t<div class=\"elementor-widget-wrap\">\n\t\t\t\t\t\t\t\t<\/div>\n\t\t\t\t\t<\/div>\n\t\t<\/div>\n\t\t\t\t\t\t\t\t<\/div>\n\t\t\t\t\t<\/div>\n\t\t<\/section>\n\t\t\t\t<section class=\"elementor-section elementor-inner-section elementor-element elementor-element-1a4f36d elementor-section-boxed elementor-section-height-default elementor-section-height-default\" data-id=\"1a4f36d\" data-element_type=\"section\">\n\t\t\t\t\t\t<div class=\"elementor-container elementor-column-gap-default\">\n\t\t\t\t\t\t\t<div class=\"elementor-row\">\n\t\t\t\t\t<div class=\"elementor-column elementor-col-100 elementor-inner-column elementor-element elementor-element-1bc838d\" data-id=\"1bc838d\" data-element_type=\"column\">\n\t\t\t<div class=\"elementor-column-wrap elementor-element-populated\">\n\t\t\t\t\t\t\t<div class=\"elementor-widget-wrap\">\n\t\t\t\t\t\t<div class=\"elementor-element elementor-element-226a8e4 elementor-widget elementor-widget-heading\" data-id=\"226a8e4\" data-element_type=\"widget\" data-widget_type=\"heading.default\">\n\t\t\t\t<div class=\"elementor-widget-container\">\n\t\t\t<h2 class=\"elementor-heading-title elementor-size-default\">FLORA<\/h2>\t\t<\/div>\n\t\t\t\t<\/div>\n\t\t\t\t\t\t<\/div>\n\t\t\t\t\t<\/div>\n\t\t<\/div>\n\t\t\t\t\t\t\t\t<\/div>\n\t\t\t\t\t<\/div>\n\t\t<\/section>\n\t\t\t\t\t\t<\/div>\n\t\t\t\t\t<\/div>\n\t\t<\/div>\n\t\t\t\t\t\t\t\t<\/div>\n\t\t\t\t\t<\/div>\n\t\t<\/section>\n\t\t\t\t<section class=\"elementor-section elementor-top-section elementor-element elementor-element-5b049b54 elementor-section-boxed elementor-section-height-default elementor-section-height-default\" data-id=\"5b049b54\" data-element_type=\"section\" data-settings=\"{&quot;background_background&quot;:&quot;classic&quot;}\">\n\t\t\t\t\t\t\t<div class=\"elementor-background-overlay\"><\/div>\n\t\t\t\t\t\t\t<div class=\"elementor-container elementor-column-gap-default\">\n\t\t\t\t\t\t\t<div class=\"elementor-row\">\n\t\t\t\t\t<div class=\"elementor-column elementor-col-50 elementor-top-column elementor-element elementor-element-3f838d8f elementor-invisible\" data-id=\"3f838d8f\" data-element_type=\"column\" data-settings=\"{&quot;animation&quot;:&quot;fadeInUp&quot;,&quot;animation_delay&quot;:300}\">\n\t\t\t<div class=\"elementor-column-wrap elementor-element-populated\">\n\t\t\t\t\t\t\t<div class=\"elementor-widget-wrap\">\n\t\t\t\t\t\t<div class=\"elementor-element elementor-element-4cf96494 elementor-invisible elementor-widget elementor-widget-heading\" data-id=\"4cf96494\" data-element_type=\"widget\" data-settings=\"{&quot;_animation&quot;:&quot;fadeInUp&quot;,&quot;_animation_delay&quot;:500}\" data-widget_type=\"heading.default\">\n\t\t\t\t<div class=\"elementor-widget-container\">\n\t\t\t<h2 class=\"elementor-heading-title elementor-size-default\">Mata Mora<\/h2>\t\t<\/div>\n\t\t\t\t<\/div>\n\t\t\t\t<div class=\"elementor-element elementor-element-b9a1852 elementor-widget elementor-widget-image\" data-id=\"b9a1852\" data-element_type=\"widget\" data-widget_type=\"image.default\">\n\t\t\t\t<div class=\"elementor-widget-container\">\n\t\t\t\t\t<div class=\"elementor-image\">\n\t\t\t\t\t\t\t\t\t\t<img width=\"1024\" height=\"685\" src=\"https:\/\/riogallegos.gob.ar\/mrg\/wp-content\/uploads\/2022\/09\/Mata-Mora-1024x685.jpg\" class=\"attachment-large size-large\" alt=\"\" loading=\"lazy\" srcset=\"https:\/\/riogallegos.gob.ar\/mrg\/wp-content\/uploads\/2022\/09\/Mata-Mora-1024x685.jpg 1024w, https:\/\/riogallegos.gob.ar\/mrg\/wp-content\/uploads\/2022\/09\/Mata-Mora-300x201.jpg 300w, https:\/\/riogallegos.gob.ar\/mrg\/wp-content\/uploads\/2022\/09\/Mata-Mora-768x514.jpg 768w, https:\/\/riogallegos.gob.ar\/mrg\/wp-content\/uploads\/2022\/09\/Mata-Mora-1536x1028.jpg 1536w, https:\/\/riogallegos.gob.ar\/mrg\/wp-content\/uploads\/2022\/09\/Mata-Mora-2048x1371.jpg 2048w\" sizes=\"(max-width: 1024px) 100vw, 1024px\" \/>\t\t\t\t\t\t\t\t\t\t\t<\/div>\n\t\t\t\t<\/div>\n\t\t\t\t<\/div>\n\t\t\t\t\t\t<\/div>\n\t\t\t\t\t<\/div>\n\t\t<\/div>\n\t\t\t\t<div class=\"elementor-column elementor-col-50 elementor-top-column elementor-element elementor-element-694e8ecc\" data-id=\"694e8ecc\" data-element_type=\"column\">\n\t\t\t<div class=\"elementor-column-wrap elementor-element-populated\">\n\t\t\t\t\t\t\t<div class=\"elementor-widget-wrap\">\n\t\t\t\t\t\t<div class=\"elementor-element elementor-element-255eb49d elementor-widget-divider--view-line elementor-widget elementor-widget-divider\" data-id=\"255eb49d\" data-element_type=\"widget\" data-widget_type=\"divider.default\">\n\t\t\t\t<div class=\"elementor-widget-container\">\n\t\t\t\t\t<div class=\"elementor-divider\">\n\t\t\t<span class=\"elementor-divider-separator\">\n\t\t\t\t\t\t<\/span>\n\t\t<\/div>\n\t\t\t\t<\/div>\n\t\t\t\t<\/div>\n\t\t\t\t<div class=\"elementor-element elementor-element-32c87322 elementor-invisible elementor-widget elementor-widget-text-editor\" data-id=\"32c87322\" data-element_type=\"widget\" data-settings=\"{&quot;_animation&quot;:&quot;fadeInUp&quot;,&quot;_animation_delay&quot;:500}\" data-widget_type=\"text-editor.default\">\n\t\t\t\t<div class=\"elementor-widget-container\">\n\t\t\t\t\t<div class=\"elementor-text-editor elementor-clearfix\"><p><strong>Familia:<\/strong> Compuesta<\/p><p><strong>Caracter\u00edsticas:<\/strong> Arbusto esf\u00e9rico y ramoso<\/p><p>Hojas alternas, lineales de color gris ceniza y con los m\u00e1rgenes algo doblados hacia atr\u00e1s. Hojas cubiertas de pelos en ambas caras, aunque en los ejemplares viejos las hojas pierden la pilosidad. El tama\u00f1o es de 10 a 40 x1-2 mm.<\/p><\/div>\n\t\t\t\t<\/div>\n\t\t\t\t<\/div>\n\t\t\t\t\t\t<\/div>\n\t\t\t\t\t<\/div>\n\t\t<\/div>\n\t\t\t\t\t\t\t\t<\/div>\n\t\t\t\t\t<\/div>\n\t\t<\/section>\n\t\t\t\t<section class=\"elementor-section elementor-top-section elementor-element elementor-element-319eb1e elementor-section-boxed elementor-section-height-default elementor-section-height-default\" data-id=\"319eb1e\" data-element_type=\"section\" data-settings=\"{&quot;background_background&quot;:&quot;classic&quot;}\">\n\t\t\t\t\t\t\t<div class=\"elementor-background-overlay\"><\/div>\n\t\t\t\t\t\t\t<div class=\"elementor-container elementor-column-gap-default\">\n\t\t\t\t\t\t\t<div class=\"elementor-row\">\n\t\t\t\t\t<div class=\"elementor-column elementor-col-50 elementor-top-column elementor-element elementor-element-e2cb69c elementor-invisible\" data-id=\"e2cb69c\" data-element_type=\"column\" data-settings=\"{&quot;animation&quot;:&quot;fadeInUp&quot;,&quot;animation_delay&quot;:300}\">\n\t\t\t<div class=\"elementor-column-wrap elementor-element-populated\">\n\t\t\t\t\t\t\t<div class=\"elementor-widget-wrap\">\n\t\t\t\t\t\t<div class=\"elementor-element elementor-element-356b67c elementor-invisible elementor-widget elementor-widget-heading\" data-id=\"356b67c\" data-element_type=\"widget\" data-settings=\"{&quot;_animation&quot;:&quot;fadeInUp&quot;,&quot;_animation_delay&quot;:500}\" data-widget_type=\"heading.default\">\n\t\t\t\t<div class=\"elementor-widget-container\">\n\t\t\t<h2 class=\"elementor-heading-title elementor-size-default\">Le\u00f1o de Piedra <\/h2>\t\t<\/div>\n\t\t\t\t<\/div>\n\t\t\t\t<div class=\"elementor-element elementor-element-629b636 elementor-widget elementor-widget-image\" data-id=\"629b636\" data-element_type=\"widget\" data-widget_type=\"image.default\">\n\t\t\t\t<div class=\"elementor-widget-container\">\n\t\t\t\t\t<div class=\"elementor-image\">\n\t\t\t\t\t\t\t\t\t\t<img width=\"1024\" height=\"685\" src=\"https:\/\/riogallegos.gob.ar\/mrg\/wp-content\/uploads\/2022\/09\/Leno-de-Piedra-1024x685.jpg\" class=\"attachment-large size-large\" alt=\"\" loading=\"lazy\" srcset=\"https:\/\/riogallegos.gob.ar\/mrg\/wp-content\/uploads\/2022\/09\/Leno-de-Piedra-1024x685.jpg 1024w, https:\/\/riogallegos.gob.ar\/mrg\/wp-content\/uploads\/2022\/09\/Leno-de-Piedra-300x201.jpg 300w, https:\/\/riogallegos.gob.ar\/mrg\/wp-content\/uploads\/2022\/09\/Leno-de-Piedra-768x514.jpg 768w, https:\/\/riogallegos.gob.ar\/mrg\/wp-content\/uploads\/2022\/09\/Leno-de-Piedra-1536x1028.jpg 1536w, https:\/\/riogallegos.gob.ar\/mrg\/wp-content\/uploads\/2022\/09\/Leno-de-Piedra-2048x1371.jpg 2048w\" sizes=\"(max-width: 1024px) 100vw, 1024px\" \/>\t\t\t\t\t\t\t\t\t\t\t<\/div>\n\t\t\t\t<\/div>\n\t\t\t\t<\/div>\n\t\t\t\t\t\t<\/div>\n\t\t\t\t\t<\/div>\n\t\t<\/div>\n\t\t\t\t<div class=\"elementor-column elementor-col-50 elementor-top-column elementor-element elementor-element-70be824\" data-id=\"70be824\" data-element_type=\"column\">\n\t\t\t<div class=\"elementor-column-wrap elementor-element-populated\">\n\t\t\t\t\t\t\t<div class=\"elementor-widget-wrap\">\n\t\t\t\t\t\t<div class=\"elementor-element elementor-element-bedc995 elementor-widget-divider--view-line elementor-widget elementor-widget-divider\" data-id=\"bedc995\" data-element_type=\"widget\" data-widget_type=\"divider.default\">\n\t\t\t\t<div class=\"elementor-widget-container\">\n\t\t\t\t\t<div class=\"elementor-divider\">\n\t\t\t<span class=\"elementor-divider-separator\">\n\t\t\t\t\t\t<\/span>\n\t\t<\/div>\n\t\t\t\t<\/div>\n\t\t\t\t<\/div>\n\t\t\t\t<div class=\"elementor-element elementor-element-5e2fb12 elementor-invisible elementor-widget elementor-widget-text-editor\" data-id=\"5e2fb12\" data-element_type=\"widget\" data-settings=\"{&quot;_animation&quot;:&quot;fadeInUp&quot;,&quot;_animation_delay&quot;:500}\" data-widget_type=\"text-editor.default\">\n\t\t\t\t<div class=\"elementor-widget-container\">\n\t\t\t\t\t<div class=\"elementor-text-editor elementor-clearfix\"><p><strong>Familia:<\/strong> Umbel\u00edferas<\/p><p><strong>Caracter\u00edsticas:<\/strong> Arbusto enano que forma cojines de 2,5 a 10 cm de altura y un di\u00e1metro de 50 cm, verde brillante, muy denso, ramoso, las ramas densamente vestidas con los restos ennegrecidos de las hojas.<\/p><p>Las hojas son muy peque\u00f1as, reunidas en forma de roseta.<\/p><p>Tiene inflorescencia en unidades, las flores son de color amarillo.<\/p><p>Florece y fructifica en diciembre a marzo, viven en \u00e1reas arenosas, rocosas.<\/p><\/div>\n\t\t\t\t<\/div>\n\t\t\t\t<\/div>\n\t\t\t\t\t\t<\/div>\n\t\t\t\t\t<\/div>\n\t\t<\/div>\n\t\t\t\t\t\t\t\t<\/div>\n\t\t\t\t\t<\/div>\n\t\t<\/section>\n\t\t\t\t<section class=\"elementor-section elementor-top-section elementor-element elementor-element-e03687f elementor-section-boxed elementor-section-height-default elementor-section-height-default\" data-id=\"e03687f\" data-element_type=\"section\" data-settings=\"{&quot;background_background&quot;:&quot;classic&quot;}\">\n\t\t\t\t\t\t\t<div class=\"elementor-background-overlay\"><\/div>\n\t\t\t\t\t\t\t<div class=\"elementor-container elementor-column-gap-default\">\n\t\t\t\t\t\t\t<div class=\"elementor-row\">\n\t\t\t\t\t<div class=\"elementor-column elementor-col-50 elementor-top-column elementor-element elementor-element-3d714e3 elementor-invisible\" data-id=\"3d714e3\" data-element_type=\"column\" data-settings=\"{&quot;animation&quot;:&quot;fadeInUp&quot;,&quot;animation_delay&quot;:300}\">\n\t\t\t<div class=\"elementor-column-wrap elementor-element-populated\">\n\t\t\t\t\t\t\t<div class=\"elementor-widget-wrap\">\n\t\t\t\t\t\t<div class=\"elementor-element elementor-element-31f89fd elementor-invisible elementor-widget elementor-widget-heading\" data-id=\"31f89fd\" data-element_type=\"widget\" data-settings=\"{&quot;_animation&quot;:&quot;fadeInUp&quot;,&quot;_animation_delay&quot;:500}\" data-widget_type=\"heading.default\">\n\t\t\t\t<div class=\"elementor-widget-container\">\n\t\t\t<h2 class=\"elementor-heading-title elementor-size-default\">Coir\u00f3n Dulce<\/h2>\t\t<\/div>\n\t\t\t\t<\/div>\n\t\t\t\t<div class=\"elementor-element elementor-element-3ec6bc6 elementor-widget elementor-widget-image\" data-id=\"3ec6bc6\" data-element_type=\"widget\" data-widget_type=\"image.default\">\n\t\t\t\t<div class=\"elementor-widget-container\">\n\t\t\t\t\t<div class=\"elementor-image\">\n\t\t\t\t\t\t\t\t\t\t<img width=\"1024\" height=\"685\" src=\"https:\/\/riogallegos.gob.ar\/mrg\/wp-content\/uploads\/2022\/09\/Coiron-1024x685.jpg\" class=\"attachment-large size-large\" alt=\"\" loading=\"lazy\" srcset=\"https:\/\/riogallegos.gob.ar\/mrg\/wp-content\/uploads\/2022\/09\/Coiron-1024x685.jpg 1024w, https:\/\/riogallegos.gob.ar\/mrg\/wp-content\/uploads\/2022\/09\/Coiron-300x201.jpg 300w, https:\/\/riogallegos.gob.ar\/mrg\/wp-content\/uploads\/2022\/09\/Coiron-768x514.jpg 768w, https:\/\/riogallegos.gob.ar\/mrg\/wp-content\/uploads\/2022\/09\/Coiron-1536x1028.jpg 1536w, https:\/\/riogallegos.gob.ar\/mrg\/wp-content\/uploads\/2022\/09\/Coiron-2048x1371.jpg 2048w\" sizes=\"(max-width: 1024px) 100vw, 1024px\" \/>\t\t\t\t\t\t\t\t\t\t\t<\/div>\n\t\t\t\t<\/div>\n\t\t\t\t<\/div>\n\t\t\t\t\t\t<\/div>\n\t\t\t\t\t<\/div>\n\t\t<\/div>\n\t\t\t\t<div class=\"elementor-column elementor-col-50 elementor-top-column elementor-element elementor-element-cea42b8\" data-id=\"cea42b8\" data-element_type=\"column\">\n\t\t\t<div class=\"elementor-column-wrap elementor-element-populated\">\n\t\t\t\t\t\t\t<div class=\"elementor-widget-wrap\">\n\t\t\t\t\t\t<div class=\"elementor-element elementor-element-2616b7a elementor-widget-divider--view-line elementor-widget elementor-widget-divider\" data-id=\"2616b7a\" data-element_type=\"widget\" data-widget_type=\"divider.default\">\n\t\t\t\t<div class=\"elementor-widget-container\">\n\t\t\t\t\t<div class=\"elementor-divider\">\n\t\t\t<span class=\"elementor-divider-separator\">\n\t\t\t\t\t\t<\/span>\n\t\t<\/div>\n\t\t\t\t<\/div>\n\t\t\t\t<\/div>\n\t\t\t\t<div class=\"elementor-element elementor-element-bbb8b6a elementor-invisible elementor-widget elementor-widget-text-editor\" data-id=\"bbb8b6a\" data-element_type=\"widget\" data-settings=\"{&quot;_animation&quot;:&quot;fadeInUp&quot;,&quot;_animation_delay&quot;:500}\" data-widget_type=\"text-editor.default\">\n\t\t\t\t<div class=\"elementor-widget-container\">\n\t\t\t\t\t<div class=\"elementor-text-editor elementor-clearfix\"><p><strong>Familia:<\/strong> Gram\u00edneas<\/p><p><strong>Caracter\u00edsticas:<\/strong> Planta Perenne, cespitosa (forma de mata) con abundantes renuevos (tallo que brota despu\u00e9s del podado), que forman matas grandes y robustas de 50-80 cm de altura.<\/p><p>Hojas de color verde claro con matices ligeramente azulados. Posee hojas cortas que est\u00e1n agrupadas en la base de la planta y las hojas largas terminan en un \u00e1pice agudo que superan el largo de las panojas (inflorescencia que forma racimos). Las vainas tienen un pulv\u00ednulo peque\u00f1o (callosidad). La l\u00e1mina emerge con un cierto \u00e1ngulo con respecto a la vaina.<\/p><p>Vive en mallines y faldeos graminosos de la Cordillera andina, desde Mendoza hasta Santa Cruz.\u00a0<\/p><\/div>\n\t\t\t\t<\/div>\n\t\t\t\t<\/div>\n\t\t\t\t\t\t<\/div>\n\t\t\t\t\t<\/div>\n\t\t<\/div>\n\t\t\t\t\t\t\t\t<\/div>\n\t\t\t\t\t<\/div>\n\t\t<\/section>\n\t\t\t\t<section class=\"elementor-section elementor-top-section elementor-element elementor-element-9ce1912 elementor-section-boxed elementor-section-height-default elementor-section-height-default\" data-id=\"9ce1912\" data-element_type=\"section\" data-settings=\"{&quot;background_background&quot;:&quot;classic&quot;}\">\n\t\t\t\t\t\t\t<div class=\"elementor-background-overlay\"><\/div>\n\t\t\t\t\t\t\t<div class=\"elementor-container elementor-column-gap-default\">\n\t\t\t\t\t\t\t<div class=\"elementor-row\">\n\t\t\t\t\t<div class=\"elementor-column elementor-col-50 elementor-top-column elementor-element elementor-element-3aa4964 elementor-invisible\" data-id=\"3aa4964\" data-element_type=\"column\" data-settings=\"{&quot;animation&quot;:&quot;fadeInUp&quot;,&quot;animation_delay&quot;:300}\">\n\t\t\t<div class=\"elementor-column-wrap elementor-element-populated\">\n\t\t\t\t\t\t\t<div class=\"elementor-widget-wrap\">\n\t\t\t\t\t\t<div class=\"elementor-element elementor-element-1ca4877 elementor-invisible elementor-widget elementor-widget-heading\" data-id=\"1ca4877\" data-element_type=\"widget\" data-settings=\"{&quot;_animation&quot;:&quot;fadeInUp&quot;,&quot;_animation_delay&quot;:500}\" data-widget_type=\"heading.default\">\n\t\t\t\t<div class=\"elementor-widget-container\">\n\t\t\t<h2 class=\"elementor-heading-title elementor-size-default\">Calafate<\/h2>\t\t<\/div>\n\t\t\t\t<\/div>\n\t\t\t\t<div class=\"elementor-element elementor-element-b39ed12 elementor-widget elementor-widget-image\" data-id=\"b39ed12\" data-element_type=\"widget\" data-widget_type=\"image.default\">\n\t\t\t\t<div class=\"elementor-widget-container\">\n\t\t\t\t\t<div class=\"elementor-image\">\n\t\t\t\t\t\t\t\t\t\t<img width=\"1024\" height=\"685\" src=\"https:\/\/riogallegos.gob.ar\/mrg\/wp-content\/uploads\/2022\/09\/Calafate-1024x685.jpg\" class=\"attachment-large size-large\" alt=\"\" loading=\"lazy\" srcset=\"https:\/\/riogallegos.gob.ar\/mrg\/wp-content\/uploads\/2022\/09\/Calafate-1024x685.jpg 1024w, https:\/\/riogallegos.gob.ar\/mrg\/wp-content\/uploads\/2022\/09\/Calafate-300x201.jpg 300w, https:\/\/riogallegos.gob.ar\/mrg\/wp-content\/uploads\/2022\/09\/Calafate-768x514.jpg 768w, https:\/\/riogallegos.gob.ar\/mrg\/wp-content\/uploads\/2022\/09\/Calafate-1536x1028.jpg 1536w, https:\/\/riogallegos.gob.ar\/mrg\/wp-content\/uploads\/2022\/09\/Calafate-2048x1371.jpg 2048w\" sizes=\"(max-width: 1024px) 100vw, 1024px\" \/>\t\t\t\t\t\t\t\t\t\t\t<\/div>\n\t\t\t\t<\/div>\n\t\t\t\t<\/div>\n\t\t\t\t\t\t<\/div>\n\t\t\t\t\t<\/div>\n\t\t<\/div>\n\t\t\t\t<div class=\"elementor-column elementor-col-50 elementor-top-column elementor-element elementor-element-be96202\" data-id=\"be96202\" data-element_type=\"column\">\n\t\t\t<div class=\"elementor-column-wrap elementor-element-populated\">\n\t\t\t\t\t\t\t<div class=\"elementor-widget-wrap\">\n\t\t\t\t\t\t<div class=\"elementor-element elementor-element-c1a0699 elementor-widget-divider--view-line elementor-widget elementor-widget-divider\" data-id=\"c1a0699\" data-element_type=\"widget\" data-widget_type=\"divider.default\">\n\t\t\t\t<div class=\"elementor-widget-container\">\n\t\t\t\t\t<div class=\"elementor-divider\">\n\t\t\t<span class=\"elementor-divider-separator\">\n\t\t\t\t\t\t<\/span>\n\t\t<\/div>\n\t\t\t\t<\/div>\n\t\t\t\t<\/div>\n\t\t\t\t<div class=\"elementor-element elementor-element-2e4d294 elementor-invisible elementor-widget elementor-widget-text-editor\" data-id=\"2e4d294\" data-element_type=\"widget\" data-settings=\"{&quot;_animation&quot;:&quot;fadeInUp&quot;,&quot;_animation_delay&quot;:500}\" data-widget_type=\"text-editor.default\">\n\t\t\t\t<div class=\"elementor-widget-container\">\n\t\t\t\t\t<div class=\"elementor-text-editor elementor-clearfix\"><p><strong>Familia:<\/strong> Berberid\u00e1ceas<\/p><p><strong>Caracter\u00edsticas:<\/strong> Arbusto espinoso caracter\u00edstico del semidesierto Patag\u00f3nico.<\/p><p>Las ramas j\u00f3venes son rojas y se tornan grises y \u00e1speras al envejecer. Las hojas son ovaladas, duras, verde-oscuras y brillantes en la cara superior, opacas en la cara inferior. Tienen espinas con tres puntas de color casta\u00f1o claro, lustrosas y agudas.<\/p><p>Las flores son amarillas y cuelgan de las ramas, aparecen desde octubre hasta enero.<\/p><p>Los frutos son bayas comestibles de color violeta, esf\u00e9ricas y cubiertas por una serosidad blanca que maduran a partir del mes de diciembre.<\/p><p>Habita en laderas, valles, ca\u00f1adones o riberas de r\u00edos, lagos y lagunas.<\/p><\/div>\n\t\t\t\t<\/div>\n\t\t\t\t<\/div>\n\t\t\t\t\t\t<\/div>\n\t\t\t\t\t<\/div>\n\t\t<\/div>\n\t\t\t\t\t\t\t\t<\/div>\n\t\t\t\t\t<\/div>\n\t\t<\/section>\n\t\t\t\t<section class=\"elementor-section elementor-top-section elementor-element elementor-element-7671e20 elementor-section-boxed elementor-section-height-default elementor-section-height-default\" data-id=\"7671e20\" data-element_type=\"section\" data-settings=\"{&quot;background_background&quot;:&quot;classic&quot;}\">\n\t\t\t\t\t\t\t<div class=\"elementor-background-overlay\"><\/div>\n\t\t\t\t\t\t\t<div class=\"elementor-container elementor-column-gap-default\">\n\t\t\t\t\t\t\t<div class=\"elementor-row\">\n\t\t\t\t\t<div class=\"elementor-column elementor-col-50 elementor-top-column elementor-element elementor-element-cb0b821 elementor-invisible\" data-id=\"cb0b821\" data-element_type=\"column\" data-settings=\"{&quot;animation&quot;:&quot;fadeInUp&quot;,&quot;animation_delay&quot;:300}\">\n\t\t\t<div class=\"elementor-column-wrap elementor-element-populated\">\n\t\t\t\t\t\t\t<div class=\"elementor-widget-wrap\">\n\t\t\t\t\t\t<div class=\"elementor-element elementor-element-ad905c2 elementor-invisible elementor-widget elementor-widget-heading\" data-id=\"ad905c2\" data-element_type=\"widget\" data-settings=\"{&quot;_animation&quot;:&quot;fadeInUp&quot;,&quot;_animation_delay&quot;:500}\" data-widget_type=\"heading.default\">\n\t\t\t\t<div class=\"elementor-widget-container\">\n\t\t\t<h2 class=\"elementor-heading-title elementor-size-default\">Mata Verde<\/h2>\t\t<\/div>\n\t\t\t\t<\/div>\n\t\t\t\t<div class=\"elementor-element elementor-element-b8b779b elementor-widget elementor-widget-image\" data-id=\"b8b779b\" data-element_type=\"widget\" data-widget_type=\"image.default\">\n\t\t\t\t<div class=\"elementor-widget-container\">\n\t\t\t\t\t<div class=\"elementor-image\">\n\t\t\t\t\t\t\t\t\t\t<img width=\"1024\" height=\"685\" src=\"https:\/\/riogallegos.gob.ar\/mrg\/wp-content\/uploads\/2022\/09\/Mata-Verde-Ex-Startel-1-1024x685.jpg\" class=\"attachment-large size-large\" alt=\"\" loading=\"lazy\" srcset=\"https:\/\/riogallegos.gob.ar\/mrg\/wp-content\/uploads\/2022\/09\/Mata-Verde-Ex-Startel-1-1024x685.jpg 1024w, https:\/\/riogallegos.gob.ar\/mrg\/wp-content\/uploads\/2022\/09\/Mata-Verde-Ex-Startel-1-300x201.jpg 300w, https:\/\/riogallegos.gob.ar\/mrg\/wp-content\/uploads\/2022\/09\/Mata-Verde-Ex-Startel-1-768x514.jpg 768w, https:\/\/riogallegos.gob.ar\/mrg\/wp-content\/uploads\/2022\/09\/Mata-Verde-Ex-Startel-1-1536x1028.jpg 1536w, https:\/\/riogallegos.gob.ar\/mrg\/wp-content\/uploads\/2022\/09\/Mata-Verde-Ex-Startel-1-2048x1371.jpg 2048w\" sizes=\"(max-width: 1024px) 100vw, 1024px\" \/>\t\t\t\t\t\t\t\t\t\t\t<\/div>\n\t\t\t\t<\/div>\n\t\t\t\t<\/div>\n\t\t\t\t\t\t<\/div>\n\t\t\t\t\t<\/div>\n\t\t<\/div>\n\t\t\t\t<div class=\"elementor-column elementor-col-50 elementor-top-column elementor-element elementor-element-356c7e4\" data-id=\"356c7e4\" data-element_type=\"column\">\n\t\t\t<div class=\"elementor-column-wrap elementor-element-populated\">\n\t\t\t\t\t\t\t<div class=\"elementor-widget-wrap\">\n\t\t\t\t\t\t<div class=\"elementor-element elementor-element-a7f04c5 elementor-widget-divider--view-line elementor-widget elementor-widget-divider\" data-id=\"a7f04c5\" data-element_type=\"widget\" data-widget_type=\"divider.default\">\n\t\t\t\t<div class=\"elementor-widget-container\">\n\t\t\t\t\t<div class=\"elementor-divider\">\n\t\t\t<span class=\"elementor-divider-separator\">\n\t\t\t\t\t\t<\/span>\n\t\t<\/div>\n\t\t\t\t<\/div>\n\t\t\t\t<\/div>\n\t\t\t\t<div class=\"elementor-element elementor-element-9a1a721 elementor-invisible elementor-widget elementor-widget-text-editor\" data-id=\"9a1a721\" data-element_type=\"widget\" data-settings=\"{&quot;_animation&quot;:&quot;fadeInUp&quot;,&quot;_animation_delay&quot;:500}\" data-widget_type=\"text-editor.default\">\n\t\t\t\t<div class=\"elementor-widget-container\">\n\t\t\t\t\t<div class=\"elementor-text-editor elementor-clearfix\"><p><strong>Familia:<\/strong> Compuesta<\/p><p><strong>Caracter\u00edsticas:<\/strong> Arbusto de 0,5-1 metro de altura, muy ramificado, verde muy oscuro, arom\u00e1tico y resinoso. Hojas escamiformes, enteras imbricadas.<\/p><p>Cap\u00edtulos solitarios, amarillos, subcil\u00edndricos menores de 1 cm de largo reunidos en la extremidad de las ramitas. Florece en verano. Especie end\u00e9mica de los suelos salobres.<\/p><\/div>\n\t\t\t\t<\/div>\n\t\t\t\t<\/div>\n\t\t\t\t\t\t<\/div>\n\t\t\t\t\t<\/div>\n\t\t<\/div>\n\t\t\t\t\t\t\t\t<\/div>\n\t\t\t\t\t<\/div>\n\t\t<\/section>\n\t\t\t\t<section class=\"elementor-section elementor-top-section elementor-element elementor-element-a8af6a1 elementor-section-content-space-evenly elementor-section-stretched elementor-section-boxed elementor-section-height-default elementor-section-height-default\" data-id=\"a8af6a1\" data-element_type=\"section\" data-settings=\"{&quot;background_background&quot;:&quot;classic&quot;,&quot;stretch_section&quot;:&quot;section-stretched&quot;}\">\n\t\t\t\t\t\t<div class=\"elementor-container elementor-column-gap-narrow\">\n\t\t\t\t\t\t\t<div class=\"elementor-row\">\n\t\t\t\t\t<div class=\"elementor-column elementor-col-33 elementor-top-column elementor-element elementor-element-6d6c63a\" data-id=\"6d6c63a\" data-element_type=\"column\">\n\t\t\t<div class=\"elementor-column-wrap elementor-element-populated\">\n\t\t\t\t\t\t\t<div class=\"elementor-widget-wrap\">\n\t\t\t\t\t\t<div class=\"elementor-element elementor-element-9aa7d4b elementor-widget elementor-widget-image\" data-id=\"9aa7d4b\" data-element_type=\"widget\" data-widget_type=\"image.default\">\n\t\t\t\t<div class=\"elementor-widget-container\">\n\t\t\t\t\t<div class=\"elementor-image\">\n\t\t\t\t\t\t\t\t\t\t<img width=\"182\" height=\"248\" src=\"https:\/\/riogallegos.gob.ar\/mrg\/wp-content\/uploads\/2023\/02\/cropped-escudo-rg.png\" class=\"attachment-medium size-medium\" alt=\"\" loading=\"lazy\" \/>\t\t\t\t\t\t\t\t\t\t\t<\/div>\n\t\t\t\t<\/div>\n\t\t\t\t<\/div>\n\t\t\t\t\t\t<\/div>\n\t\t\t\t\t<\/div>\n\t\t<\/div>\n\t\t\t\t<div class=\"elementor-column elementor-col-33 elementor-top-column elementor-element elementor-element-c44ebc6\" data-id=\"c44ebc6\" data-element_type=\"column\">\n\t\t\t<div class=\"elementor-column-wrap elementor-element-populated\">\n\t\t\t\t\t\t\t<div class=\"elementor-widget-wrap\">\n\t\t\t\t\t\t<section class=\"elementor-section elementor-inner-section elementor-element elementor-element-7ea8b84 elementor-section-full_width elementor-section-height-default elementor-section-height-default\" data-id=\"7ea8b84\" data-element_type=\"section\">\n\t\t\t\t\t\t<div class=\"elementor-container elementor-column-gap-default\">\n\t\t\t\t\t\t\t<div class=\"elementor-row\">\n\t\t\t\t\t<div class=\"elementor-column elementor-col-33 elementor-inner-column elementor-element elementor-element-4be7d3e\" data-id=\"4be7d3e\" data-element_type=\"column\">\n\t\t\t<div class=\"elementor-column-wrap elementor-element-populated\">\n\t\t\t\t\t\t\t<div class=\"elementor-widget-wrap\">\n\t\t\t\t\t\t<div class=\"elementor-element elementor-element-c2437be elementor-widget elementor-widget-heading\" data-id=\"c2437be\" data-element_type=\"widget\" data-widget_type=\"heading.default\">\n\t\t\t\t<div class=\"elementor-widget-container\">\n\t\t\t<h2 class=\"elementor-heading-title elementor-size-default\"><a href=\"https:\/\/riogallegos.gob.ar\">INICIO<\/a><\/h2>\t\t<\/div>\n\t\t\t\t<\/div>\n\t\t\t\t\t\t<\/div>\n\t\t\t\t\t<\/div>\n\t\t<\/div>\n\t\t\t\t<div class=\"elementor-column elementor-col-33 elementor-inner-column elementor-element elementor-element-b7e4387\" data-id=\"b7e4387\" data-element_type=\"column\">\n\t\t\t<div class=\"elementor-column-wrap elementor-element-populated\">\n\t\t\t\t\t\t\t<div class=\"elementor-widget-wrap\">\n\t\t\t\t\t\t<div class=\"elementor-element elementor-element-ea533b3 elementor-widget elementor-widget-heading\" data-id=\"ea533b3\" data-element_type=\"widget\" data-widget_type=\"heading.default\">\n\t\t\t\t<div class=\"elementor-widget-container\">\n\t\t\t<h2 class=\"elementor-heading-title elementor-size-default\"><a href=\"https:\/\/riogallegos.gob.ar\/rgl\/tramites-y-servicios\/\">TR\u00c1MITES<\/a><\/h2>\t\t<\/div>\n\t\t\t\t<\/div>\n\t\t\t\t\t\t<\/div>\n\t\t\t\t\t<\/div>\n\t\t<\/div>\n\t\t\t\t<div class=\"elementor-column elementor-col-33 elementor-inner-column elementor-element elementor-element-12be349\" data-id=\"12be349\" data-element_type=\"column\">\n\t\t\t<div class=\"elementor-column-wrap elementor-element-populated\">\n\t\t\t\t\t\t\t<div class=\"elementor-widget-wrap\">\n\t\t\t\t\t\t<div class=\"elementor-element elementor-element-92c69ad elementor-widget elementor-widget-heading\" data-id=\"92c69ad\" data-element_type=\"widget\" data-widget_type=\"heading.default\">\n\t\t\t\t<div class=\"elementor-widget-container\">\n\t\t\t<h2 class=\"elementor-heading-title elementor-size-default\"><a href=\"https:\/\/www.riogallegos.gob.ar\/rgl\/mirecibo\/login.php\">AUTOGESTI\u00d3N<\/a><\/h2>\t\t<\/div>\n\t\t\t\t<\/div>\n\t\t\t\t\t\t<\/div>\n\t\t\t\t\t<\/div>\n\t\t<\/div>\n\t\t\t\t\t\t\t\t<\/div>\n\t\t\t\t\t<\/div>\n\t\t<\/section>\n\t\t\t\t\t\t<\/div>\n\t\t\t\t\t<\/div>\n\t\t<\/div>\n\t\t\t\t<div class=\"elementor-column elementor-col-33 elementor-top-column elementor-element elementor-element-49f0d99\" data-id=\"49f0d99\" data-element_type=\"column\">\n\t\t\t<div class=\"elementor-column-wrap elementor-element-populated\">\n\t\t\t\t\t\t\t<div class=\"elementor-widget-wrap\">\n\t\t\t\t\t\t<div class=\"elementor-element elementor-element-8398d8b elementor-hidden-desktop elementor-widget elementor-widget-divider\" data-id=\"8398d8b\" data-element_type=\"widget\" data-widget_type=\"divider.default\">\n\t\t\t\t<div class=\"elementor-widget-container\">\n\t\t\t\t\t<div class=\"elementor-divider\">\n\t\t\t<span class=\"elementor-divider-separator\">\n\t\t\t\t\t\t<\/span>\n\t\t<\/div>\n\t\t\t\t<\/div>\n\t\t\t\t<\/div>\n\t\t\t\t<div class=\"elementor-element elementor-element-5675b33 elementor-widget elementor-widget-image\" data-id=\"5675b33\" data-element_type=\"widget\" data-widget_type=\"image.default\">\n\t\t\t\t<div class=\"elementor-widget-container\">\n\t\t\t\t\t<div class=\"elementor-image\">\n\t\t\t\t\t\t\t\t\t\t<img src=\"http:\/\/riogallegos.gob.ar\/nuevaweb\/wp-content\/uploads\/2021\/08\/rg-blanco.png\" title=\"\" alt=\"\" \/>\t\t\t\t\t\t\t\t\t\t\t<\/div>\n\t\t\t\t<\/div>\n\t\t\t\t<\/div>\n\t\t\t\t<div class=\"elementor-element elementor-element-a4c98ce elementor-shape-circle elementor-grid-6 elementor-widget elementor-widget-social-icons\" data-id=\"a4c98ce\" data-element_type=\"widget\" data-widget_type=\"social-icons.default\">\n\t\t\t\t<div class=\"elementor-widget-container\">\n\t\t\t\t\t<div class=\"elementor-social-icons-wrapper elementor-grid\">\n\t\t\t\t\t\t\t<div class=\"elementor-grid-item\">\n\t\t\t\t\t<a class=\"elementor-icon elementor-social-icon elementor-social-icon-twitter elementor-repeater-item-05315aa\" href=\"https:\/\/twitter.com\/MunicipioRGL\" target=\"_blank\">\n\t\t\t\t\t\t<span class=\"elementor-screen-only\">Twitter<\/span>\n\t\t\t\t\t\t<i class=\"fab fa-twitter\"><\/i>\t\t\t\t\t<\/a>\n\t\t\t\t<\/div>\n\t\t\t\t\t\t\t<div class=\"elementor-grid-item\">\n\t\t\t\t\t<a class=\"elementor-icon elementor-social-icon elementor-social-icon-facebook elementor-repeater-item-4eff259\" href=\"https:\/\/www.facebook.com\/municipalidadriogallegos\/\" target=\"_blank\">\n\t\t\t\t\t\t<span class=\"elementor-screen-only\">Facebook<\/span>\n\t\t\t\t\t\t<i class=\"fab fa-facebook\"><\/i>\t\t\t\t\t<\/a>\n\t\t\t\t<\/div>\n\t\t\t\t\t\t\t<div class=\"elementor-grid-item\">\n\t\t\t\t\t<a class=\"elementor-icon elementor-social-icon elementor-social-icon-youtube elementor-repeater-item-dd12e72\" href=\"https:\/\/www.youtube.com\/@municipalidadriogallegos3544\" target=\"_blank\">\n\t\t\t\t\t\t<span class=\"elementor-screen-only\">Youtube<\/span>\n\t\t\t\t\t\t<i class=\"fab fa-youtube\"><\/i>\t\t\t\t\t<\/a>\n\t\t\t\t<\/div>\n\t\t\t\t\t\t\t<div class=\"elementor-grid-item\">\n\t\t\t\t\t<a class=\"elementor-icon elementor-social-icon elementor-social-icon-instagram elementor-repeater-item-6c62677\" href=\"https:\/\/www.instagram.com\/rglmunicipalidad\/\" target=\"_blank\">\n\t\t\t\t\t\t<span class=\"elementor-screen-only\">Instagram<\/span>\n\t\t\t\t\t\t<i class=\"fab fa-instagram\"><\/i>\t\t\t\t\t<\/a>\n\t\t\t\t<\/div>\n\t\t\t\t\t\t\t<div class=\"elementor-grid-item\">\n\t\t\t\t\t<a class=\"elementor-icon elementor-social-icon elementor-social-icon-envelope elementor-repeater-item-ba91bea\" href=\"https:\/\/sd-1874764-l.dattaweb.com:2094\/login.php?idn\" target=\"_blank\">\n\t\t\t\t\t\t<span class=\"elementor-screen-only\">Envelope<\/span>\n\t\t\t\t\t\t<i class=\"fas fa-envelope\"><\/i>\t\t\t\t\t<\/a>\n\t\t\t\t<\/div>\n\t\t\t\t\t<\/div>\n\t\t\t\t<\/div>\n\t\t\t\t<\/div>\n\t\t\t\t<div class=\"elementor-element elementor-element-851146e elementor-widget elementor-widget-heading\" data-id=\"851146e\" data-element_type=\"widget\" data-widget_type=\"heading.default\">\n\t\t\t\t<div class=\"elementor-widget-container\">\n\t\t\t<h2 class=\"elementor-heading-title elementor-size-default\">MUNICIPALIDAD DE R\u00cdO GALLEGOS<br>Av. Jos\u00e9 de San Mart\u00edn N\u00b0 791<br> Santa Cruz, Argentina<br> Tel. +54 2966 - 457021<br>info@riogallegos.gob.ar<\/h2>\t\t<\/div>\n\t\t\t\t<\/div>\n\t\t\t\t\t\t<\/div>\n\t\t\t\t\t<\/div>\n\t\t<\/div>\n\t\t\t\t\t\t\t\t<\/div>\n\t\t\t\t\t<\/div>\n\t\t<\/section>\n\t\t\t\t<section class=\"elementor-section elementor-top-section elementor-element elementor-element-8996f90 elementor-section-full_width elementor-section-height-default elementor-section-height-default\" data-id=\"8996f90\" data-element_type=\"section\" data-settings=\"{&quot;background_background&quot;:&quot;classic&quot;}\">\n\t\t\t\t\t\t<div class=\"elementor-container elementor-column-gap-default\">\n\t\t\t\t\t\t\t<div class=\"elementor-row\">\n\t\t\t\t\t<div class=\"elementor-column elementor-col-100 elementor-top-column elementor-element elementor-element-add6b7a\" data-id=\"add6b7a\" data-element_type=\"column\">\n\t\t\t<div class=\"elementor-column-wrap elementor-element-populated\">\n\t\t\t\t\t\t\t<div class=\"elementor-widget-wrap\">\n\t\t\t\t\t\t<section class=\"elementor-section elementor-inner-section elementor-element elementor-element-c68b5bc elementor-section-full_width elementor-section-height-default elementor-section-height-default\" data-id=\"c68b5bc\" data-element_type=\"section\">\n\t\t\t\t\t\t<div class=\"elementor-container elementor-column-gap-default\">\n\t\t\t\t\t\t\t<div class=\"elementor-row\">\n\t\t\t\t\t<div class=\"elementor-column elementor-col-100 elementor-inner-column elementor-element elementor-element-037e92d\" data-id=\"037e92d\" data-element_type=\"column\">\n\t\t\t<div class=\"elementor-column-wrap elementor-element-populated\">\n\t\t\t\t\t\t\t<div class=\"elementor-widget-wrap\">\n\t\t\t\t\t\t<div class=\"elementor-element elementor-element-c50fce0 elementor-widget elementor-widget-text-editor\" data-id=\"c50fce0\" data-element_type=\"widget\" data-widget_type=\"text-editor.default\">\n\t\t\t\t<div class=\"elementor-widget-container\">\n\t\t\t\t\t<div class=\"elementor-text-editor elementor-clearfix\"><p><span style=\"color: #ffffff;\">Copyright \u00a9 2024 | &nbsp;<a style=\"color: #ffffff;\" href=\"https:\/\/www.riogallegos.gob.ar\/\">Municipalidad R\u00edo Gallegos<\/a>&nbsp;|&nbsp;<a style=\"color: #ffffff;\" href=\"https:\/\/riogallegos.gob.ar\/rgl\/politicas-de-privacidad\/\">Pol\u00edticas de Privacidad<\/a>&nbsp; |&nbsp;<a style=\"color: #ffffff;\" href=\"https:\/\/riogallegos.gob.ar\/rgl\/terminos-y-condiciones\">T\u00e9rminos y Condiciones<\/a><\/span><\/p><\/div>\n\t\t\t\t<\/div>\n\t\t\t\t<\/div>\n\t\t\t\t\t\t<\/div>\n\t\t\t\t\t<\/div>\n\t\t<\/div>\n\t\t\t\t\t\t\t\t<\/div>\n\t\t\t\t\t<\/div>\n\t\t<\/section>\n\t\t\t\t\t\t<\/div>\n\t\t\t\t\t<\/div>\n\t\t<\/div>\n\t\t\t\t\t\t\t\t<\/div>\n\t\t\t\t\t<\/div>\n\t\t<\/section>\n\t\t\t\t\t\t<\/div>\n\t\t\t\t\t\t<\/div>\n\t\t\t\t\t<\/div>\n\t\t","protected":false},"excerpt":{"rendered":"<p>MUNICIPALIDAD DE R\u00cdO GALLEGOS Twitter Facebook Youtube Instagram Envelope FLORA Mata Mora Familia: Compuesta Caracter\u00edsticas: Arbusto esf\u00e9rico y ramoso Hojas alternas, lineales de color gris ceniza y con los m\u00e1rgenes algo doblados hacia atr\u00e1s. Hojas cubiertas de pelos en ambas caras, aunque en los ejemplares viejos las hojas pierden la pilosidad. El tama\u00f1o es de &hellip;<\/p>\n<p class=\"read-more\"> <a class=\"\" href=\"https:\/\/riogallegos.gob.ar\/mrg\/flora\/\"> <span class=\"screen-reader-text\">flora<\/span> Leer m\u00e1s &raquo;<\/a><\/p>\n","protected":false},"author":2,"featured_media":0,"parent":0,"menu_order":0,"comment_status":"closed","ping_status":"closed","template":"elementor_canvas","meta":[],"_links":{"self":[{"href":"https:\/\/riogallegos.gob.ar\/mrg\/wp-json\/wp\/v2\/pages\/1366"}],"collection":[{"href":"https:\/\/riogallegos.gob.ar\/mrg\/wp-json\/wp\/v2\/pages"}],"about":[{"href":"https:\/\/riogallegos.gob.ar\/mrg\/wp-json\/wp\/v2\/types\/page"}],"author":[{"embeddable":true,"href":"https:\/\/riogallegos.gob.ar\/mrg\/wp-json\/wp\/v2\/users\/2"}],"replies":[{"embeddable":true,"href":"https:\/\/riogallegos.gob.ar\/mrg\/wp-json\/wp\/v2\/comments?post=1366"}],"version-history":[{"count":31,"href":"https:\/\/riogallegos.gob.ar\/mrg\/wp-json\/wp\/v2\/pages\/1366\/revisions"}],"predecessor-version":[{"id":1711,"href":"https:\/\/riogallegos.gob.ar\/mrg\/wp-json\/wp\/v2\/pages\/1366\/revisions\/1711"}],"wp:attachment":[{"href":"https:\/\/riogallegos.gob.ar\/mrg\/wp-json\/wp\/v2\/media?parent=1366"}],"curies":[{"name":"wp","href":"https:\/\/api.w.org\/{rel}","templated":true}]}}